{"id":11,"date":"2015-03-25T16:13:59","date_gmt":"2015-03-25T16:13:59","guid":{"rendered":"http:\/\/daun-boverath.de\/wp\/?page_id=11"},"modified":"2026-02-06T16:51:55","modified_gmt":"2026-02-06T16:51:55","slug":"aktuelles","status":"publish","type":"page","link":"https:\/\/daun-boverath.de\/wp\/aktuelles\/","title":{"rendered":"Aktuelles"},"content":{"rendered":"\n<p><strong>06.02.2026<\/strong><\/p>\n\n\n\n<p><strong><mark style=\"background-color:rgba(0, 0, 0, 0)\" class=\"has-inline-color has-pale-cyan-blue-color\">Boverather Dorftreff &#8211; Heringsessen am Dienstag, 17.02.2026 ab 18.00 Uhr<\/mark><\/strong> <br>Zum Ausklang der Fastnachtstage laden wir zum Heringsessen mit Pellkartoffeln und Speck ein. F\u00fcr diejenigen, die keine Heringe m\u00f6gen, werden Schnitzel angeboten. Alle G\u00e4ste k\u00f6nnen mit lustigen Geschichten, Witzen oder sonstigen humoristischen Vortr\u00e4gen zum Gelingen des Abends beitragen.<br>Aus organisatorischen Gr\u00fcnden bitten wir um Anmeldung bis zum 14.02.2026 bei Hiltrud R\u00f6mer (Tel. 7474) oder Maria Brauns (Tel. 3317). Auf Euer Kommen freut sich das Organisationsteam<\/p>\n\n\n\n<p><strong>10.01.2026<\/strong><\/p>\n\n\n\n<p><strong><mark style=\"background-color:rgba(0, 0, 0, 0)\" class=\"has-inline-color has-pale-cyan-blue-color\">Einladung zur Einwohnerversammlung mit anschlie\u00dfendem geselligem Beisammensein<\/mark><\/strong><br>Alle Boverather B\u00fcrgerinnen und B\u00fcrger sind herzlich zur n\u00e4chsten Einwohnerversammlung am&nbsp;<strong>Samstag, den 10.01.2026<\/strong>&nbsp;um 19.00 Uhr in das Boverather B\u00fcrgerhaus eingeladen. Die Einladung mit den Themen finden Sie&nbsp;<a href=\"https:\/\/daun-boverath.de\/wp\/wp-content\/uploads\/2026\/01\/Einladung-Einwohnerversammlung-10.01.2026.pdf\">\u2026 hier.<\/a><br>Im Anschluss an den offiziellen Teil lade ich zu einem <strong>geselligen Beisammensein<\/strong> ein. In gem\u00fctlicher Runde freue ich mich darauf, die Gespr\u00e4che, Ideen und Planungen f\u00fcr unser Dorf fortzuf\u00fchren und mich f\u00fcr die vielf\u00e4ltige Hilfe und das Engagement f\u00fcr unser Dorf herzlich zu bedanken. <br>F\u00fcr das neue Jahr w\u00fcnsche ich uns allen Gl\u00fcck, Erfolg, Zufriedenheit und vor allem Gesundheit!<br><em>gez. Dieter Oster, Ortsvorsteher<\/em><\/p>\n\n\n\n<p><\/p>\n\n\n\n<p><strong>11.12.2025<\/strong><\/p>\n\n\n\n<p>Der A.R.T. Abfuhrkalender 2026 f\u00fcr Boverath kann <a href=\"https:\/\/daun-boverath.de\/wp\/wp-content\/uploads\/2025\/12\/Boverath-Abfuhrkalender-2026.pdf\" target=\"_blank\" rel=\"noreferrer noopener\">\u2026hier<\/a> eingesehen werden.<\/p>\n\n\n\n<p><strong>22.11.2025<\/strong><\/p>\n\n\n\n<p>Die <mark style=\"background-color:rgba(0, 0, 0, 0)\" class=\"has-inline-color has-pale-cyan-blue-color\"><strong>&#8222;Baumpflanz-Challenge&#8220;<\/strong><\/mark> ist eine virale Social-Media-Aktion, bei der Feuerwehren und andere Vereine aufgefordert werden, innerhalb einer bestimmten Frist einen Baum zu pflanzen. Die Aktion soll den Klimaschutz f\u00f6rdern und den Gemeinschaftssinn st\u00e4rken. Sehr gerne hat der Ortsbeirat diese von einigen Kindern des Dorfes erhaltene Herausforderung angenommen und gemeinsam am 22.11.2025 umgesetzt. Eine Bilddokumentation gibt es <a rel=\"noreferrer noopener\" href=\"https:\/\/daun-boverath.de\/wp\/wp-content\/uploads\/2025\/11\/IMG-20251123-WA0001.jpg\" target=\"_blank\">\u2026hier<\/a> und ein kleines Video dazu <a href=\"https:\/\/daun-boverath.de\/wp\/wp-content\/uploads\/2025\/11\/VID-20251123-WA0002.mp4\" target=\"_blank\" rel=\"noreferrer noopener\">\u2026hier<\/a><\/p>\n\n\n\n<p><strong>16.11.2025<\/strong><\/p>\n\n\n\n<p><strong><mark style=\"background-color:rgba(0, 0, 0, 0)\" class=\"has-inline-color has-pale-cyan-blue-color\">Niederschrift Ortsbeirat<\/mark><\/strong><br>Die Niederschrift \u00fcber die Sitzung des Ortsbeirates Boverath vom 17.09.2025 ist auf der Seite <a rel=\"noreferrer noopener\" href=\"https:\/\/daun-boverath.de\/wp\/dorfleben\/ortsbeirat\/\" target=\"_blank\">\u201eOrtsbeirat\u201c<\/a>&nbsp;eingestellt.<\/p>\n\n\n\n<p><strong>17.09.2025<\/strong><\/p>\n\n\n\n<p><strong><mark style=\"background-color:rgba(0, 0, 0, 0)\" class=\"has-inline-color has-pale-cyan-blue-color\">Sitzung des Ortsbeirates Boverath<\/mark><\/strong><br>Die n\u00e4chste Sitzung des&nbsp;<strong>Ortsbeirates Boverath<\/strong>&nbsp;findet am&nbsp;<strong>17.09.2025, ab 19.00 Uhr, im B\u00fcrgerhaus<\/strong>&nbsp;statt. Alle Boverather sind hierzu willkommen. Die Bekanntmachung zur Sitzung finden Sie&nbsp;<a href=\"https:\/\/daun-boverath.de\/wp\/wp-content\/uploads\/2025\/09\/Einladung-Ortsbeirat-Boverath-17.09.2025.pdf\" target=\"_blank\" rel=\"noreferrer noopener\">\u2026hier<\/a><\/p>\n\n\n\n<p><strong>07.-08.06.2025<\/strong><\/p>\n\n\n\n<p><strong><mark style=\"background-color:rgba(0, 0, 0, 0)\" class=\"has-inline-color has-pale-cyan-blue-color\">Backfest<\/mark><\/strong><br>Das diesj\u00e4hrige Backfest findet wieder am Pfingstwochenende statt. Weitere Informationen gibt es&nbsp;<a href=\"https:\/\/daun-boverath.de\/wp\/wp-content\/uploads\/2025\/05\/Plakat-Backfest-2025.pdf\">\u2026 hier.<\/a><\/p>\n\n\n\n<p><strong>17.-19.04.2025<\/strong><\/p>\n\n\n\n<p><strong><mark style=\"background-color:rgba(0, 0, 0, 0)\" class=\"has-inline-color has-pale-cyan-blue-color\">Klappern in Boverath<\/mark><\/strong><br>An den Kartagen findet wieder das traditionelle Klappern in Boverath statt. Weitere Informationen gibt es&nbsp;<a href=\"https:\/\/daun-boverath.de\/wp\/wp-content\/uploads\/2025\/04\/Klappern-in-Boverath.pdf\">\u2026 hier.<\/a><\/p>\n\n\n\n<p><strong>07.01.2025<\/strong><\/p>\n\n\n\n<p><strong><mark style=\"background-color:rgba(0, 0, 0, 0)\" class=\"has-inline-color has-pale-cyan-blue-color\">Einladung zur Einwohnerversammlung mit anschlie\u00dfendem geselligem Beisammensein<\/mark><\/strong><br>Alle Boverather B\u00fcrgerinnen und B\u00fcrger sind herzlich zur n\u00e4chsten Einwohnerversammlung am&nbsp;<strong>Samstag, den 11.01.2025<\/strong>&nbsp;um 19.00 Uhr in das Boverather B\u00fcrgerhaus eingeladen. Die Einladung mit den Themen finden Sie&nbsp;<a href=\"https:\/\/daun-boverath.de\/wp\/wp-content\/uploads\/2025\/01\/Einladung-Einwohnerversammlung-11.01.2025.pdf\">\u2026 hier.<\/a><br>Im Anschluss an den offiziellen Teil lade ich zu einem <strong>geselligen Beisammensein<\/strong> ein. In gem\u00fctlicher Runde freue ich mich darauf, die Gespr\u00e4che, Ideen und Planungen f\u00fcr unser Dorf fortzuf\u00fchren und mich f\u00fcr die vielf\u00e4ltige Hilfe und das Engagement f\u00fcr unser Dorf herzlich zu bedanken. <br>F\u00fcr das neue Jahr w\u00fcnsche ich uns allen Gl\u00fcck, Erfolg, Zufriedenheit und vor allem Gesundheit!<br><em>gez. Dieter Oster, Ortsvorsteher<\/em><\/p>\n\n\n\n<p><strong>06.11.2024<\/strong><\/p>\n\n\n\n<p><strong><mark style=\"background-color:rgba(0, 0, 0, 0)\" class=\"has-inline-color has-pale-cyan-blue-color\">Niederschrift Ortsbeirat<\/mark><\/strong><br>Die Niederschrift \u00fcber die Sitzung des Ortsbeirates Boverath vom 15.10.2024 ist auf der Seite <a rel=\"noreferrer noopener\" href=\"https:\/\/daun-boverath.de\/wp\/dorfleben\/ortsbeirat\/\" target=\"_blank\">\u201eOrtsbeirat\u201c<\/a>&nbsp;eingestellt.<\/p>\n\n\n\n<p><strong>01.11.2024<\/strong><\/p>\n\n\n\n<p><strong><mark style=\"background-color:rgba(0, 0, 0, 0)\" class=\"has-inline-color has-pale-cyan-blue-color\">St. Martin in Boverath<\/mark><\/strong><br>Der diesj\u00e4hrige St. Martinszug in Boverath findet am 09.11.2024 statt. Weitere Informationen erhalten Sie <a rel=\"noreferrer noopener\" href=\"https:\/\/daun-boverath.de\/wp\/wp-content\/uploads\/2024\/11\/St.-Martin-2024.pdf\" target=\"_blank\">\u201ehier\u201c<\/a> und auf der Internetseite des Kultur- und Versch\u00f6nerungsvereins Boverath e.V..<\/p>\n\n\n\n<p><strong>10.09.2024<\/strong><\/p>\n\n\n\n<p><strong><mark style=\"background-color:rgba(0, 0, 0, 0)\" class=\"has-inline-color has-pale-cyan-blue-color\">Niederschrift Ortsbeirat<\/mark><\/strong><br>Die Niederschrift \u00fcber die konstituierende Sitzung des Ortsbeirates Boverath vom 02.09.2024 ist auf der Seite&nbsp;<a rel=\"noreferrer noopener\" href=\"https:\/\/daun-boverath.de\/wp\/dorfleben\/ortsbeirat\/\" target=\"_blank\">\u201eOrtsbeirat\u201c<\/a>&nbsp;eingestellt.<\/p>\n\n\n\n<p><strong>01.09.2024<\/strong><\/p>\n\n\n\n<p><strong><mark style=\"background-color:rgba(0, 0, 0, 0)\" class=\"has-inline-color has-pale-cyan-blue-color\">Sitzung des Ortsbeirates Boverath<\/mark><\/strong><br>Die konstituierende Sitzung des&nbsp;<strong>Ortsbeirates Boverath<\/strong>&nbsp;findet am&nbsp;<strong>02.09.2024, ab 17.00 Uhr, im B\u00fcrgerhaus<\/strong>&nbsp;statt. Alle Boverather sind hierzu willkommen. Die Bekanntmachung zur Sitzung finden Sie&nbsp;<a href=\"https:\/\/daun-boverath.de\/wp\/wp-content\/uploads\/2024\/08\/Einladung-Ortsbeiratssitzung-02.09.2024.pdf\" target=\"_blank\" rel=\"noreferrer noopener\">\u2026hier<\/a><br><\/p>\n\n\n\n<p><strong>30.06.2024<\/strong><\/p>\n\n\n\n<p><strong><mark style=\"background-color:rgba(0, 0, 0, 0)\" class=\"has-inline-color has-pale-cyan-blue-color\">Dorfflohmarkt in Boverath<\/mark><\/strong><br>Am Sonntag, den 30.06.2024 findet wieder ein Dorfflohmarkt in Boverath statt. Hierzu werden viele Dorfbewohner von 11.00 \u2013 16.00 Uhr im eigenen Hof die Sch\u00e4tze von Dachboden und Keller pr\u00e4sentieren. F\u00fcr Essen und Trinken ist beim B\u00fcrgerhaus gesorgt.<\/p>\n\n\n\n<p><strong>16.06.2024<\/strong><\/p>\n\n\n\n<p><strong><mark style=\"background-color:rgba(0, 0, 0, 0)\" class=\"has-inline-color has-pale-cyan-blue-color\">Ergebnis der Wahl zum Ortsbeirat und Ortsvorsteher<\/mark><\/strong><br>Das Ergebnis der Wahl zum Ortsbeirat und Ortsvorsteher finden Sie <a href=\"https:\/\/daun-boverath.de\/wp\/wp-content\/uploads\/2024\/06\/Wahlergebnis-Ortsbeirat-und-Ortsvorsteher.pdf\">\u2026 hier.<\/a><\/p>\n\n\n\n<p><strong>28.-30.03.2024<\/strong><\/p>\n\n\n\n<p><strong><mark style=\"background-color:rgba(0, 0, 0, 0)\" class=\"has-inline-color has-pale-cyan-blue-color\">Klappern in Boverath<\/mark><\/strong><br>An den Kartagen findet wieder das traditionelle Klappern in Boverath statt. Weitere Informationen gibt es&nbsp;<a href=\"https:\/\/daun-boverath.de\/wp\/wp-content\/uploads\/2024\/03\/Klappern-in-Boverath.pdf\">\u2026 hier.<\/a><\/p>\n\n\n\n<p><strong>13.02.2024<\/strong><\/p>\n\n\n\n<p><strong><mark style=\"background-color:rgba(0, 0, 0, 0)\" class=\"has-inline-color has-pale-cyan-blue-color\">Boverather Dorftreff &#8211; Heringsessen am Dienstag, 13.02.2024 ab 18.00 Uhr<\/mark><\/strong> <br>Zum Ausklang der Fastnachtstage laden wir zum Heringsessen mit Pellkartoffeln und Speck ein. F\u00fcr diejenigen, die keine Heringe m\u00f6gen, werden Schnitzel angeboten. Alle G\u00e4ste k\u00f6nnen mit lustigen Geschichten, Witzen oder sonstigen humoristischen Vortr\u00e4gen zum Gelingen des Abends beitragen.<br>Aus organisatorischen Gr\u00fcnden bitten wir um Anmeldung bis zum 10.02.2024 bei Claudia Lange (Tel. 985 770) oder Hiltrud R\u00f6mer (Tel. 7474) oder Maria Brauns (Tel. 3317). Auf Euer Kommen freut sich das Organisationsteam.<\/p>\n\n\n\n<p><strong>08.02.2024<\/strong><\/p>\n\n\n\n<p><strong><mark style=\"background-color:rgba(0, 0, 0, 0)\" class=\"has-inline-color has-pale-cyan-blue-color\">Weiberfastnacht &#8211; Einladung zum gemeinsamen M\u00f6hnenfr\u00fchst\u00fcck am Weiberdonnerstag<\/mark><\/strong><br>Am&nbsp;<strong>Donnerstag, den 08.02.2024<\/strong>&nbsp;findet ab 09.00 Uhr das allj\u00e4hrliche M\u00f6hnenfr\u00fchst\u00fcck im B\u00fcrgerhaus statt. Wer m\u00f6chte, darf auch den ganzen Tag im B\u00fcrgerhaus verbringen. F\u00fcr Unterhaltung und Verpflegung wird gesorgt. <br>Kostenbeitrag:    Fr\u00fchst\u00fcck 8,00 Euro oder ganzt\u00e4gig 15,00 Euro<br>Wegen Planung und Einkauf bitte bei Maria Brauns (Tel. 3317) oder Hiltrud R\u00f6mer (Tel. 7474) bis zum 04.02.2024 anmelden.<\/p>\n\n\n\n<p><strong>08.01.2024<\/strong><\/p>\n\n\n\n<p><strong><mark style=\"background-color:rgba(0, 0, 0, 0)\" class=\"has-inline-color has-pale-cyan-blue-color\">Weihnachtsb\u00e4ume einsammeln<\/mark><\/strong><br>Am&nbsp;<strong>Samstag, den 13.01.2024<\/strong>&nbsp;werden ab 10.00 Uhr von den Boverather Jugendlichen die Weihnachtsb\u00e4ume in Boverath eingesammelt. Bitte stellen Sie den Baum gut sichtbar an die Stra\u00dfe. Eine kleine Spende f\u00fcr das Einsammeln kann am Baum befestigt oder den Sammlern direkt gegeben werden.<\/p>\n\n\n\n<p><strong>06.01.2024<\/strong><\/p>\n\n\n\n<p><strong><mark style=\"background-color:rgba(0, 0, 0, 0)\" class=\"has-inline-color has-pale-cyan-blue-color\">Sternsinger in Boverath unterwegs<\/mark><\/strong><br>Zum Fest der Heiligen Drei K\u00f6nige waren auch in Boverath die Sternsinger unterwegs. Kaspar, Melchior und Balthasar w\u00fcnschten jedem Haus <strong>20*C+M+B+23<\/strong> (\u201e<strong>C<\/strong>hristus <strong>M<\/strong>ansionem <strong>B<\/strong>enedicat\u201c), was ins Deutsche \u00fcbersetzt \u201eChristus segne dieses Haus\u201c bedeutet.<\/p>\n\n\n\n<p><strong><br>05.01.2024<\/strong><\/p>\n\n\n\n<p><strong><mark style=\"background-color:rgba(0, 0, 0, 0)\" class=\"has-inline-color has-pale-cyan-blue-color\">Einladung zur Einwohnerversammlung mit anschlie\u00dfendem geselligem Beisammensein<\/mark><\/strong><br>Alle Boverather B\u00fcrgerinnen und B\u00fcrger sind herzlich zur n\u00e4chsten Einwohnerversammlung am&nbsp;<strong>Samstag, den 13.01.2024<\/strong>&nbsp;um 19.00 Uhr in das Boverather B\u00fcrgerhaus eingeladen. Die Einladung mit den Themen finden Sie&nbsp;<a href=\"https:\/\/daun-boverath.de\/wp\/wp-content\/uploads\/2024\/01\/Einladung-Einwohnerversammlung-13.01.2024.pdf\">\u2026 hier.<\/a><br>Im Anschluss an den offiziellen Teil lade ich zu einem <strong>geselligen Beisammensein<\/strong> ein. In gem\u00fctlicher Runde freue ich mich darauf, die Gespr\u00e4che, Ideen und Planungen f\u00fcr unser Dorf fortzuf\u00fchren und mich f\u00fcr die vielf\u00e4ltige Hilfe und das Engagement f\u00fcr unser Dorf herzlich zu bedanken. <br>F\u00fcr das neue Jahr w\u00fcnsche ich uns allen Gl\u00fcck, Erfolg, Zufriedenheit und vor allem Gesundheit!<br><em>gez. Dieter Oster, Ortsvorsteher<\/em><br><\/p>\n\n\n\n<p><strong>13.12.2023<\/strong><\/p>\n\n\n\n<p><strong><mark style=\"background-color:rgba(0, 0, 0, 0)\" class=\"has-inline-color has-pale-cyan-blue-color\">Veranstaltung &#8222;10 Jahre Dorftreff und Pr\u00e4sentation der Ortschronik&#8220;<\/mark><\/strong><br>Einen sch\u00f6nen Bericht zu der o.a. Veranstaltung mit Bildern und der M\u00f6glichkeit zum Kauf der Ortchronik finden Sie <a rel=\"noreferrer noopener\" href=\"https:\/\/www.kuvv-boverath.de\/\" target=\"_blank\">\u201ehier\u201c<\/a> auf der Internetseite des Kultur- und Versch\u00f6nerungsvereins Boverath e.V..<\/p>\n\n\n\n<p><strong>10.12.2023<\/strong><\/p>\n\n\n\n<p><strong><mark style=\"background-color:rgba(0, 0, 0, 0)\" class=\"has-inline-color has-pale-cyan-blue-color\">Einladung zur Veranstaltung &#8222;10 Jahre Dorftreff und Pr\u00e4sentation der Ortschronik&#8220;<\/mark><\/strong><br>Im Stadtteil Boverath gibt es was zu feiern, und zwar wie schon angek\u00fcndigt aus zweierlei Anlass. Weitere Informationen dazu erhalten Sie <a href=\"https:\/\/daun-boverath.de\/wp\/wp-content\/uploads\/2023\/12\/Buergerbrief.pdf\" target=\"_blank\" rel=\"noreferrer noopener\">\u201ehier\u201c<\/a>.<\/p>\n\n\n\n<p><strong>28.10.2023<\/strong><\/p>\n\n\n\n<p><strong><mark style=\"background-color:rgba(0, 0, 0, 0)\" class=\"has-inline-color has-pale-cyan-blue-color\">St. Martin in Boverath<\/mark><\/strong><br>Der diesj\u00e4hrige St. Martinszug in Boverath findet am 11.11.2023 statt. Weitere Informationen erhalten Sie <a rel=\"noreferrer noopener\" href=\"https:\/\/www.kuvv-boverath.de\/\" target=\"_blank\">\u201ehier\u201c<\/a> auf der Internetseite des Kultur- und Versch\u00f6nerungsvereins Boverath e.V..<\/p>\n\n\n\n<p><strong>22.10.2023<\/strong><\/p>\n\n\n\n<p><strong><mark style=\"background-color:rgba(0, 0, 0, 0)\" class=\"has-inline-color has-pale-cyan-blue-color\">Einladung zum n\u00e4chsten Workshop im Rahmen der Dorfmoderation<\/mark><\/strong><br><strong>Gemeinsam die Zukunft entwickeln!<\/strong><br>Es geht weiter:<br>Am Montag, den <strong><u>30.10.2023 findet um 19.00 Uhr<\/u><\/strong> der n\u00e4chste Workshop im Rahmen der Dorfmoderation statt. Hierzu sind wieder alle Boverather herzlich in unser B\u00fcrgerhaus eingeladen. An diesem Abend werden u.a. die interessanten Zwischenergebnisse aus den Arbeitskreisen \u201eVerkehr\u201c und \u201e\u00d6ffentliche Fl\u00e4chen\u201c vorgestellt.<\/p>\n\n\n\n<p><strong>20.09.2023<\/strong><\/p>\n\n\n\n<p><strong><mark style=\"background-color:rgba(0, 0, 0, 0)\" class=\"has-inline-color has-pale-cyan-blue-color\">Glasfaserausbau in Boverath<\/mark><\/strong><br>Zur allgemeinen Information:<br>Seit gestern sind bereits einige Hauseigent\u00fcmer in Boverath bez\u00fcglich des Glasfaserausbaus kontaktiert worden. Hierbei geht es um die Herstellung der Hausanschl\u00fcsse auf den jeweiligen Grundst\u00fccken und in das Haus hinein.<\/p>\n\n\n\n<p>Es meldet sich eine Fa. Gala-Tiefbau Umicevic aus Lingen. Diese Firma ist ein Subunternehmer der Fa. Reuschenbach, die von Westconnect (Eon) beauftragt ist, die Erdarbeiten durchzuf\u00fchren.<\/p>\n\n\n\n<p>Die Auswahl bzw. Reihenfolge der Arbeiten geht anscheinend leider nicht von Haus zu Haus, sondern quer im Dorf hin und her. Das ist zwar verwunderlich, aber letztendlich nicht schlimm. Ziel ist es, dass wenn die Arbeiten in der Stra\u00dfe erfolgen, die Hausanschl\u00fcsse fertig sind. Aktuell laufen die Bauarbeiten im Bereich Leyen. Und da man dort ca. 70 Meter pro Tag schafft, werden die Arbeiten in der Stra\u00dfe demn\u00e4chst auch in Boverath sichtbar sein.<\/p>\n\n\n\n<p><strong>16.09.2023<\/strong><\/p>\n\n\n\n<p><strong><mark style=\"background-color:rgba(0, 0, 0, 0)\" class=\"has-inline-color has-pale-cyan-blue-color\">Einladung zum Seniorennachmittag<\/mark><\/strong><br>Der Seniorennachmittag f\u00fcr alle B\u00fcrgerinnen und B\u00fcrger der Stadt Daun und der Stadtteile findet am 27.09.2023 um 14.00 Uhr im Forum Daun statt. Weitere Informationen finden Sie&nbsp;<a href=\"https:\/\/daun-boverath.de\/wp\/wp-content\/uploads\/2023\/09\/Seniorennachmittag-27.09.2023.pdf\" target=\"_blank\" rel=\"noreferrer noopener\">\u201ehier\u201c<\/a>.<\/p>\n\n\n\n<p><strong>15.09.2023<\/strong><\/p>\n\n\n\n<p><strong><mark style=\"background-color:rgba(0, 0, 0, 0)\" class=\"has-inline-color has-pale-cyan-blue-color\">Niederschrift Ortsbeirat<\/mark><\/strong><br>Die Niederschrift \u00fcber die Sitzung des Ortsbeirates Boverath vom 11.09.2023 ist auf der Seite&nbsp;<a rel=\"noreferrer noopener\" href=\"https:\/\/daun-boverath.de\/wp\/dorfleben\/ortsbeirat\/\" target=\"_blank\">\u201eOrtsbeirat\u201c<\/a>&nbsp;eingestellt.<\/p>\n\n\n\n<p><br><strong>25.08.2023<\/strong><\/p>\n\n\n\n<p><strong><mark style=\"background-color:rgba(0, 0, 0, 0)\" class=\"has-inline-color has-pale-cyan-blue-color\">Sitzung des Ortsbeirates Boverath<\/mark><\/strong><br>Die n\u00e4chste Sitzung des&nbsp;<strong>Ortsbeirates Boverath<\/strong>&nbsp;findet am&nbsp;<strong>11.09.2023, ab 19.30 Uhr, im B\u00fcrgerhaus<\/strong>&nbsp;statt. Alle Boverather sind hierzu willkommen. Die Bekanntmachung zur Sitzung finden Sie&nbsp;<a href=\"https:\/\/daun-boverath.de\/wp\/wp-content\/uploads\/2023\/09\/Einladung-Ortsbeirat-Boverath-11.09.2023.pdf\" target=\"_blank\" rel=\"noreferrer noopener\">\u2026hier<\/a><br><br><strong>12.07.2023<\/strong><\/p>\n\n\n\n<p><strong><mark style=\"background-color:rgba(0, 0, 0, 0)\" class=\"has-inline-color has-pale-cyan-blue-color\">Glasfaserausbau in Boverath<\/mark><\/strong><br>Die Planungen der Fa. Westnetz f\u00fcr den Glasfaserausbau in Boverath (und im Leyen) sind abgeschlossen. Der Baubeginn ist f\u00fcr den 31.07.2023 vorgesehen. Beginnend ab dem Bahnhofskreisel geht der Ausbau durch den Leyen bis nach ganz Boverath (einschlie\u00dflich der Bereiche Pfaffenborn und Herrenwies). Der Abschluss der Bauma\u00dfnahmen ist f\u00fcr Ende 2023 vorgesehen.<\/p>\n\n\n\n<p>F\u00fcr alle bisher noch unentschlossenen Interessenten bietet die Fa. Westnetz einen <strong><u>Beratertag am Samstag, 22.07.2023 von 10.00 &#8211; 15.00 Uhr<\/u><\/strong> im B\u00fcrgerhaus Boverath (Boverather Str. 41) an.<\/p>\n\n\n\n<p>Hier besteht <strong><u>letztmalig<\/u><\/strong> die Gelegenheit einen kostenfreien Glasfaseranschluss zu bestellen. Die Ersparnis pro Hausanschluss kann bis zu 1.500 Euro betragen.<\/p>\n\n\n\n<p><strong>06.07.2023<\/strong><\/p>\n\n\n\n<p><strong><mark style=\"background-color:rgba(0, 0, 0, 0)\" class=\"has-inline-color has-pale-cyan-blue-color\">Niederschrift Ortsbeirat<\/mark><\/strong><br>Die Niederschrift \u00fcber die Sitzung des Ortsbeirates Boverath vom 26.06.2023 ist auf der Seite&nbsp;<a rel=\"noreferrer noopener\" href=\"https:\/\/daun-boverath.de\/wp\/dorfleben\/ortsbeirat\/\" target=\"_blank\">\u201eOrtsbeirat\u201c<\/a>&nbsp;eingestellt.<\/p>\n\n\n\n<p><strong>04.07.2023<\/strong><\/p>\n\n\n\n<p><strong><mark><strong><strong><mark style=\"background-color:#ffffff\" class=\"has-inline-color has-pale-cyan-blue-color\">Vertretung des Ortsvorstehers<\/mark><\/strong><\/strong><\/mark><\/strong><br>Ortsvorsteher Dieter Oster wird im Zeitraum 04.-28.07.2023 vom stellvertretenden Ortsvorsteher Matthias Brauns vertreten. Matthias Brauns ist telefonisch unter Tel.Nr. 3317 oder per E-Mail:&nbsp;<a href=\"mailto:Matthias.Brauns@gmx.de\">Matthias.Brauns@gmx.de<\/a>&nbsp;zu erreichen.<\/p>\n\n\n\n<p><strong>09.06.2023<\/strong><\/p>\n\n\n\n<p><strong><mark style=\"background-color:rgba(0, 0, 0, 0)\" class=\"has-inline-color has-pale-cyan-blue-color\">Sitzung des Ortsbeirates Boverath<\/mark><\/strong><br>Die n\u00e4chste Sitzung des&nbsp;<strong>Ortsbeirates Boverath<\/strong>&nbsp;findet am&nbsp;<strong>26.06.2023, ab 19.00 Uhr, im B\u00fcrgerhaus<\/strong>&nbsp;statt. Alle Boverather sind hierzu willkommen. Die Bekanntmachung zur Sitzung finden Sie&nbsp;<a href=\"https:\/\/daun-boverath.de\/wp\/wp-content\/uploads\/2023\/07\/Einladung-Ortsbeirat-Boverath-26.06.2023.pdf\" target=\"_blank\" rel=\"noreferrer noopener\">\u2026hier<\/a><br><\/p>\n\n\n\n<p><br><strong>12.05.2023<\/strong><\/p>\n\n\n\n<p><strong><mark style=\"background-color:rgba(0, 0, 0, 0)\" class=\"has-inline-color has-pale-cyan-blue-color\">Mehr Frauen in die Kommunalpolitik<\/mark><\/strong><br>Auf die beiliegende Einladung unserer Landr\u00e4tin weise ich hin. Bitte klicken Sie <a href=\"https:\/\/daun-boverath.de\/wp\/wp-content\/uploads\/2023\/05\/Einladung-Podiumsdiskussion-19.04.23.pdf\" target=\"_blank\" rel=\"noreferrer noopener\">\u201ehier\u201c<\/a>.<\/p>\n\n\n\n<p><strong>03.05.2023<\/strong><\/p>\n\n\n\n<p><strong><mark style=\"background-color:rgba(0, 0, 0, 0)\" class=\"has-inline-color has-pale-cyan-blue-color\">Einladung zum ersten Workshop im Rahmen der Dorfmoderation<\/mark><\/strong><br><strong>Gemeinsam die Zukunft entwickeln!<\/strong><br>Die Auftaktveranstaltung zu unserer Dorfmoderation war ein voller Erfolg. Mit gro\u00dfer Beteiligung aus der Bev\u00f6lkerung wurden St\u00e4rken und Schw\u00e4chen unseres Dorfes aufgezeigt. Ebenso wurden Ideen f\u00fcr m\u00f6gliche Projekte oder Weiterentwicklungen angesprochen.<br>Diese Punkte wollen wir nun am <strong>Mittwoch, den 03. Mai um 19.00 Uhr<\/strong> in unserem B\u00fcrgerhaus konkreter gemeinsam besprechen.<br>Hierzu sind wieder alle Boverather ganz herzlich eingeladen. Die ausf\u00fchrliche Einladungen finden Sie <a href=\"https:\/\/daun-boverath.de\/wp\/wp-content\/uploads\/2023\/04\/Einladung-Workshop-03.05.2023.pdf\" target=\"_blank\" rel=\"noreferrer noopener\">\u201ehier\u201c<\/a>.<br><\/p>\n\n\n\n<p><strong>18.04.2023<\/strong><\/p>\n\n\n\n<p><strong><mark style=\"background-color:rgba(0, 0, 0, 0)\" class=\"has-inline-color has-pale-cyan-blue-color\">Einladung zur Dorfmoderation<\/mark><\/strong><br>Gemeinsam wollen wir die Zukunft unseres Dorfes \u00fcberdenken und aktiv weiter gestalten. Das geht uns alle an. Zur Auftaktveranstaltung am 18.04.2023 um 19.00 Uhr im B\u00fcrgerhaus <a rel=\"noreferrer noopener\" href=\"https:\/\/daun-boverath.de\/wp\/wp-content\/uploads\/2023\/04\/Einladung-Auftaktveranstaltung-Boverath.pdf\" target=\"_blank\">\u201eklicke hier\u201c<\/a>&nbsp;sind alle Boverather herzlich eingeladen.<\/p>\n\n\n\n<p><strong>27.03.2023<\/strong><\/p>\n\n\n\n<p><strong><mark style=\"background-color:rgba(0, 0, 0, 0)\" class=\"has-inline-color has-pale-cyan-blue-color\">Niederschrift Ortsbeirat<\/mark><\/strong><br>Die Niederschrift \u00fcber die Sitzung des Ortsbeirates Boverath vom 28.02.2023 ist auf der Seite&nbsp;<a rel=\"noreferrer noopener\" href=\"https:\/\/daun-boverath.de\/wp\/dorfleben\/ortsbeirat\/\" target=\"_blank\">\u201eOrtsbeirat\u201c<\/a>&nbsp;eingestellt.<\/p>\n\n\n\n<p><strong>11.01.2023<\/strong><\/p>\n\n\n\n<p><strong><mark style=\"background-color:rgba(0, 0, 0, 0)\" class=\"has-inline-color has-pale-cyan-blue-color\">Vertretung des Ortsvorstehers<\/mark><\/strong><br>Ortsvorsteher Dieter Oster wird ab 16.01.2023 vom stellvertretenden Ortsvorsteher Matthias Brauns vertreten. Matthias Brauns ist telefonisch unter Tel.Nr. 3317 oder per E-Mail:&nbsp;<a href=\"mailto:Matthias.Brauns@gmx.de\">Matthias.Brauns@gmx.de<\/a>&nbsp;zu erreichen.<\/p>\n\n\n\n<p><strong>06.01.2023<\/strong><\/p>\n\n\n\n<p><strong><mark style=\"background-color:rgba(0, 0, 0, 0)\" class=\"has-inline-color has-pale-cyan-blue-color\">Sternsinger in Boverath unterwegs<\/mark><\/strong><br>Zum Fest der Heiligen Drei K\u00f6nige waren auch in Boverath die Sternsinger unterwegs. Kaspar, Melchior und Balthasar w\u00fcnschten jedem Haus <strong>20*C+M+B+23<\/strong> (\u201e<strong>C<\/strong>hristus <strong>M<\/strong>ansionem <strong>B<\/strong>enedicat\u201c), was ins Deutsche \u00fcbersetzt \u201eChristus segne dieses Haus\u201c bedeutet.<\/p>\n\n\n\n<figure class=\"wp-block-image size-large\"><a href=\"https:\/\/daun-boverath.de\/wp\/wp-content\/uploads\/2023\/01\/IMG-20230118-WA0002.jpg\"><img decoding=\"async\" loading=\"lazy\" width=\"1024\" height=\"768\" src=\"https:\/\/daun-boverath.de\/wp\/wp-content\/uploads\/2023\/01\/IMG-20230118-WA0002-1024x768.jpg\" alt=\"\" class=\"wp-image-1816\" srcset=\"https:\/\/daun-boverath.de\/wp\/wp-content\/uploads\/2023\/01\/IMG-20230118-WA0002-1024x768.jpg 1024w, https:\/\/daun-boverath.de\/wp\/wp-content\/uploads\/2023\/01\/IMG-20230118-WA0002-300x225.jpg 300w, https:\/\/daun-boverath.de\/wp\/wp-content\/uploads\/2023\/01\/IMG-20230118-WA0002-768x576.jpg 768w, https:\/\/daun-boverath.de\/wp\/wp-content\/uploads\/2023\/01\/IMG-20230118-WA0002-1536x1152.jpg 1536w, https:\/\/daun-boverath.de\/wp\/wp-content\/uploads\/2023\/01\/IMG-20230118-WA0002-150x113.jpg 150w, https:\/\/daun-boverath.de\/wp\/wp-content\/uploads\/2023\/01\/IMG-20230118-WA0002.jpg 1600w\" sizes=\"(max-width: 1024px) 100vw, 1024px\" \/><\/a><\/figure>\n\n\n\n<p><\/p>\n\n\n\n<p><strong>03.01.2023<\/strong><\/p>\n\n\n\n<p><strong><mark style=\"background-color:rgba(0, 0, 0, 0)\" class=\"has-inline-color has-pale-cyan-blue-color\">Weihnachtsb\u00e4ume einsammeln<\/mark><\/strong><br>Am&nbsp;<strong>Samstag, den 14.01.2023<\/strong>&nbsp;werden ab 10.00 Uhr von den Boverather Jugendlichen die Weihnachtsb\u00e4ume in Boverath eingesammelt. Bitte stellen Sie den Baum gut sichtbar an die Stra\u00dfe. Eine kleine Spende f\u00fcr das Einsammeln kann am Baum befestigt oder den Sammlern direkt gegeben werden.<\/p>\n\n\n\n<p><strong><br>31.12.2022<\/strong><\/p>\n\n\n\n<p><strong><mark style=\"background-color:rgba(0, 0, 0, 0)\" class=\"has-inline-color has-pale-cyan-blue-color\">Einladung zur Einwohnerversammlung mit anschlie\u00dfendem gem\u00fctlichen Umtrunk<\/mark><\/strong><br>Alle Boverather B\u00fcrgerinnen und B\u00fcrger sind herzlich zur n\u00e4chsten Einwohnerversammlung am&nbsp;<strong>Samstag, den 07.01.2023<\/strong>&nbsp;um 19.00 Uhr in das Boverather B\u00fcrgerhaus eingeladen. Die Einladung mit den Themen finden Sie&nbsp;<a href=\"https:\/\/daun-boverath.de\/wp\/wp-content\/uploads\/2022\/12\/2023-01-07-Einladung-Einwohnerversammlung.pdf\">\u2026 hier.<\/a><br>Im Anschluss an den offiziellen Teil lade ich alle zu einem gem\u00fctlichen&nbsp;<strong><u>Umtrunk<\/u><\/strong>&nbsp;ein. In gem\u00fctlicher Runde freue ich mich darauf, die Gespr\u00e4che, Ideen und Planungen f\u00fcr unser Dorf fortzuf\u00fchren und mich f\u00fcr die vielf\u00e4ltige Hilfe und das Engagement f\u00fcr unser Dorf in den vergangenen schweren Corona-Jahren herzlich zu bedanken. F\u00fcr das neue Jahr w\u00fcnsche ich uns allen Gl\u00fcck, Erfolg und vor allem Gesundheit!<br><em>gez. Dieter Oster, Ortsvorsteher<\/em><br><\/p>\n\n\n\n<p><strong>23.10.2022<\/strong><\/p>\n\n\n\n<p><strong><mark style=\"background-color:rgba(0, 0, 0, 0)\" class=\"has-inline-color has-pale-cyan-blue-color\">Niederschrift Ortsbeirat<\/mark><\/strong><br>Die Niederschrift \u00fcber die Sitzung des Ortsbeirates Boverath vom 07.10.2022 ist auf der Seite&nbsp;<a rel=\"noreferrer noopener\" href=\"https:\/\/daun-boverath.de\/wp\/dorfleben\/ortsbeirat\/\" target=\"_blank\">\u201eOrtsbeirat\u201c<\/a>&nbsp;eingestellt.<\/p>\n\n\n\n<p><strong>07.10.2022<\/strong><\/p>\n\n\n\n<p><strong><mark style=\"background-color:rgba(0, 0, 0, 0)\" class=\"has-inline-color has-pale-cyan-blue-color\">Sitzung des Ortsbeirates Boverath<\/mark><\/strong><br>Die n\u00e4chste Sitzung des&nbsp;<strong>Ortsbeirates Boverath<\/strong>&nbsp;findet am&nbsp;<strong>07.10.2022, ab 19.00 Uhr, im B\u00fcrgerhaus<\/strong>&nbsp;statt. Alle Boverather sind hierzu willkommen. Die Bekanntmachung zur Sitzung finden Sie&nbsp;<a rel=\"noreferrer noopener\" href=\"https:\/\/daun-boverath.de\/wp\/wp-content\/uploads\/2022\/10\/Einladung-Ortsbeirat-Boverath-07.10.2022.pdf\" target=\"_blank\">\u2026hier<\/a><br><\/p>\n\n\n\n<p><strong>02.10.2022<\/strong><\/p>\n\n\n\n<p><strong><mark style=\"background-color:rgba(0, 0, 0, 0)\" class=\"has-inline-color has-pale-cyan-blue-color\">Niederschrift Ortsbeirat<\/mark><\/strong><br>Die Niederschrift \u00fcber die Sitzung des Ortsbeirates Boverath vom 23.05.2022 ist auf der Seite&nbsp;<a rel=\"noreferrer noopener\" href=\"https:\/\/daun-boverath.de\/wp\/dorfleben\/ortsbeirat\/\" target=\"_blank\">\u201eOrtsbeirat\u201c<\/a>&nbsp;eingestellt.<\/p>\n\n\n\n<p><strong>28.09.2022<\/strong><\/p>\n\n\n\n<p><strong><mark style=\"background-color:rgba(0, 0, 0, 0)\" class=\"has-inline-color has-pale-cyan-blue-color\">Einladung zum Seniorennachmittag<\/mark><\/strong><br>Herzliche Einladung zum Seniorennachmittag der Stadt Daun am 28.09.2022 um 14.00 Uhr im FORUM Daun. Weitere Informationen dazu finden Sie&nbsp;<a rel=\"noreferrer noopener\" href=\"https:\/\/daun-boverath.de\/wp\/wp-content\/uploads\/2022\/09\/Einladung-zum-Seniorennachmittag.pdf\" target=\"_blank\">\u2026hier<\/a><\/p>\n\n\n\n<p><strong>12.09.2022<\/strong><\/p>\n\n\n\n<p><strong><mark style=\"background-color:rgba(0, 0, 0, 0)\" class=\"has-inline-color has-pale-cyan-blue-color\">Glasfaserausbau in Boverath \u2013 Informationsveranstaltung<\/mark><\/strong><br>Die Informationsveranstaltung zum Glasfaserausbau in Boverath findet am&nbsp;<strong>12.09.2022, ab 19.00 Uhr, im B\u00fcrgerhaus<\/strong>&nbsp;statt. Alle Boverather sind hierzu herzlich eingeladen.<\/p>\n\n\n\n<p><strong>23.05.2022<\/strong><\/p>\n\n\n\n<p><strong><mark style=\"background-color:rgba(0, 0, 0, 0)\" class=\"has-inline-color has-pale-cyan-blue-color\">Sitzung des Ortsbeirates Boverath<\/mark><\/strong><br>Die n\u00e4chste Sitzung des&nbsp;<strong>Ortsbeirates Boverath<\/strong>&nbsp;findet am&nbsp;<strong>23.05.2022, ab 19.00 Uhr, im B\u00fcrgerhaus<\/strong>&nbsp;statt. Alle Boverather sind hierzu willkommen. Die Bekanntmachung zur Sitzung finden Sie&nbsp;<a rel=\"noreferrer noopener\" href=\"https:\/\/daun-boverath.de\/wp\/wp-content\/uploads\/2022\/05\/Einladung-Ortsbeirat-Boverath-23.05.2022.pdf\" target=\"_blank\">\u2026hier<\/a><\/p>\n","protected":false},"excerpt":{"rendered":"<p>06.02.2026 Boverather Dorftreff &#8211; Heringsessen am Dienstag, 17.02.2026 ab 18.00 Uhr Zum Ausklang der Fastnachtstage laden wir zum Heringsessen mit Pellkartoffeln und Speck ein. F\u00fcr diejenigen, die keine Heringe m\u00f6gen, werden Schnitzel angeboten. Alle G\u00e4ste k\u00f6nnen mit lustigen Geschichten, Witzen oder sonstigen humoristischen Vortr\u00e4gen zum Gelingen des Abends beitragen.Aus organisatorischen\u2026<\/p>\n<p> <a class=\"continue-reading-link\" href=\"https:\/\/daun-boverath.de\/wp\/aktuelles\/\"><span>Continue reading<\/span><i class=\"crycon-right-dir\"><\/i><\/a> <\/p>\n","protected":false},"author":2,"featured_media":1746,"parent":0,"menu_order":0,"comment_status":"closed","ping_status":"closed","template":"templates\/template-twocolumns-left.php","meta":[],"_links":{"self":[{"href":"https:\/\/daun-boverath.de\/wp\/wp-json\/wp\/v2\/pages\/11"}],"collection":[{"href":"https:\/\/daun-boverath.de\/wp\/wp-json\/wp\/v2\/pages"}],"about":[{"href":"https:\/\/daun-boverath.de\/wp\/wp-json\/wp\/v2\/types\/page"}],"author":[{"embeddable":true,"href":"https:\/\/daun-boverath.de\/wp\/wp-json\/wp\/v2\/users\/2"}],"replies":[{"embeddable":true,"href":"https:\/\/daun-boverath.de\/wp\/wp-json\/wp\/v2\/comments?post=11"}],"version-history":[{"count":587,"href":"https:\/\/daun-boverath.de\/wp\/wp-json\/wp\/v2\/pages\/11\/revisions"}],"predecessor-version":[{"id":2059,"href":"https:\/\/daun-boverath.de\/wp\/wp-json\/wp\/v2\/pages\/11\/revisions\/2059"}],"wp:featuredmedia":[{"embeddable":true,"href":"https:\/\/daun-boverath.de\/wp\/wp-json\/wp\/v2\/media\/1746"}],"wp:attachment":[{"href":"https:\/\/daun-boverath.de\/wp\/wp-json\/wp\/v2\/media?parent=11"}],"curies":[{"name":"wp","href":"https:\/\/api.w.org\/{rel}","templated":true}]}}